{"id":4420,"date":"2020-05-29T16:37:25","date_gmt":"2020-05-29T14:37:25","guid":{"rendered":"https:\/\/www.woodtec.ch\/brettsperrholz\/"},"modified":"2024-11-01T13:16:52","modified_gmt":"2024-11-01T12:16:52","slug":"clt","status":"publish","type":"page","link":"https:\/\/www.woodtec.ch\/fr\/clt\/","title":{"rendered":"CLT | XLam"},"content":{"rendered":"\n<div class=\"wp-block-cover is-light\" style=\"min-height:550px;aspect-ratio:unset;\"><span aria-hidden=\"true\" class=\"wp-block-cover__background has-background-dim-0 has-background-dim\"><\/span><img loading=\"lazy\" decoding=\"async\" width=\"4000\" height=\"1531\" class=\"wp-block-cover__image-background wp-image-6284\" alt=\"\" src=\"https:\/\/www.woodtec.ch\/wp-content\/uploads\/2022\/04\/Brettsperrholz-CLT-Produktion-Vakuumpressen-Anlage.jpg\" data-object-fit=\"cover\" srcset=\"https:\/\/www.woodtec.ch\/wp-content\/uploads\/2022\/04\/Brettsperrholz-CLT-Produktion-Vakuumpressen-Anlage.jpg 4000w, https:\/\/www.woodtec.ch\/wp-content\/uploads\/2022\/04\/Brettsperrholz-CLT-Produktion-Vakuumpressen-Anlage-300x115.jpg 300w, https:\/\/www.woodtec.ch\/wp-content\/uploads\/2022\/04\/Brettsperrholz-CLT-Produktion-Vakuumpressen-Anlage-1024x392.jpg 1024w, https:\/\/www.woodtec.ch\/wp-content\/uploads\/2022\/04\/Brettsperrholz-CLT-Produktion-Vakuumpressen-Anlage-768x294.jpg 768w, https:\/\/www.woodtec.ch\/wp-content\/uploads\/2022\/04\/Brettsperrholz-CLT-Produktion-Vakuumpressen-Anlage-1536x588.jpg 1536w, https:\/\/www.woodtec.ch\/wp-content\/uploads\/2022\/04\/Brettsperrholz-CLT-Produktion-Vakuumpressen-Anlage-2048x784.jpg 2048w, https:\/\/www.woodtec.ch\/wp-content\/uploads\/2022\/04\/Brettsperrholz-CLT-Produktion-Vakuumpressen-Anlage-1530x585.jpg 1530w, https:\/\/www.woodtec.ch\/wp-content\/uploads\/2022\/04\/Brettsperrholz-CLT-Produktion-Vakuumpressen-Anlage-600x230.jpg 600w, https:\/\/www.woodtec.ch\/wp-content\/uploads\/2022\/04\/Brettsperrholz-CLT-Produktion-Vakuumpressen-Anlage-1536x588@2x.jpg 3072w, https:\/\/www.woodtec.ch\/wp-content\/uploads\/2022\/04\/Brettsperrholz-CLT-Produktion-Vakuumpressen-Anlage-1530x585@2x.jpg 3060w, https:\/\/www.woodtec.ch\/wp-content\/uploads\/2022\/04\/Brettsperrholz-CLT-Produktion-Vakuumpressen-Anlage-600x230@2x.jpg 1200w\" sizes=\"auto, (max-width: 4000px) 100vw, 4000px\" \/><div class=\"wp-block-cover__inner-container is-layout-flow wp-block-cover-is-layout-flow\">\n<p class=\"has-text-align-center has-large-font-size\"><\/p>\n<\/div><\/div>\n\n\n\n<section class=\"wp-block-woodtec-blocks-section-wrapper page-section page-section-with-title\" id=\"\"><div class=\"section-header\"><div class=\"section-header-wrap\"><div class=\"section-header-tab section-header-title\"><h1>CLT | XLam<\/h1><p>Production de panneaux lamell\u00e9s-crois\u00e9s sous vide<\/p><\/div><\/div><\/div><div class=\"section-content\"><\/div><\/section>\n\n\n\n<div class=\"wp-block-getwid-advanced-spacer\" style=\"height:100px\" aria-hidden=\"true\"><\/div>\n\n\n\n<section class=\"wp-block-woodtec-blocks-section-wrapper page-section page-section-full\" id=\"cat2\"><div class=\"section-content\">\n<div class=\"wp-block-woodtec-blocks-hotspot wp-block-woodtec-blocks-image-hotspots image-hotspots\" data-imagewidth=\"2560\" data-imageheight=\"1600\"><div class=\"image-hotspots-visual\" style=\"position:relative\"><img loading=\"lazy\" decoding=\"async\" src=\"https:\/\/www.woodtec.ch\/wp-content\/uploads\/2020\/09\/Home-Grafik-Brettsperrholz.png\" width=\"2560\" height=\"1600\"\/><\/div><div class=\"image-hotspots-pins\">\n<div data-x=\"18.5546875\" data-y=\"1.875\" data-cx=\"475\" data-cy=\"30\" class=\"wp-block-woodtec-blocks-hotspot\"><div class=\"hotspot-visual\"><img loading=\"lazy\" decoding=\"async\" src=\"https:\/\/www.woodtec.ch\/wp-content\/uploads\/2021\/02\/Produktbild-Vakuumpresse.jpg\" alt=\"<a href=&quot;https:\/\/www.woodtec.ch\/brettsperrholz\/vakuumpresse\/&quot;&gt;Vakuumpresse<\/a&gt;\" width=\"600\" height=\"600\"\/><\/div><div class=\"hotspot-details\"><h4><a href=\"https:\/\/www.woodtec.ch\/fr\/clt\/presseavide\" target=\"_blank\" rel=\"noreferrer noopener\">Presse \u00e0 vide<\/a><\/h4><p>Production de panneaux avec tailles et compositions tr\u00e8s vari\u00e9s<\/p><\/div><\/div>\n\n\n\n<div data-x=\"26.406249999999996\" data-y=\"25.75\" data-cx=\"676\" data-cy=\"412\" class=\"wp-block-woodtec-blocks-hotspot\"><div class=\"hotspot-visual\"><img loading=\"lazy\" decoding=\"async\" src=\"https:\/\/www.woodtec.ch\/wp-content\/uploads\/2020\/06\/Querlagenf\u00f6rderporta_header.jpg\" alt=\"<a href=&quot;https:\/\/www.woodtec.ch\/brettsperrholz\/querlagenfoerderportal\/&quot;&gt;Querlagenf\u00f6rderportal<\/a&gt;\" width=\"1527\" height=\"584\"\/><\/div><div class=\"hotspot-details\"><h4><a href=\"https:\/\/www.woodtec.ch\/fr\/clt\/portiquedinsertion\" target=\"_blank\" rel=\"noreferrer noopener\">Portique d\u2019insertion des lamelles<\/a><\/h4><p>Insertion automatique des lamelles transversales<\/p><\/div><\/div>\n\n\n\n<div data-x=\"6.484375000000001\" data-y=\"8.0625\" data-cx=\"166\" data-cy=\"129\" class=\"wp-block-woodtec-blocks-hotspot\"><div class=\"hotspot-visual\"><img loading=\"lazy\" decoding=\"async\" src=\"https:\/\/www.woodtec.ch\/wp-content\/uploads\/2020\/06\/Klebstoffauftragsportal-header.jpg\" alt=\"<a href=&quot;https:\/\/www.woodtec.ch\/brettsperrholz\/klebstoffauftragsportal\/&quot;&gt;Klebstoffauftragsportal<\/a&gt;\" width=\"1527\" height=\"584\"\/><\/div><div class=\"hotspot-details\"><h4>Portique d\u00e2pplication de colle <\/h4><p>Individuell und effizient <\/p><\/div><\/div>\n<\/div><\/div>\n<\/div><\/section>\n\n\n\n<div class=\"wp-block-getwid-advanced-spacer\" style=\"height:120px\" aria-hidden=\"true\"><\/div>\n\n\n<section class=\"wp-block-woodtec-blocks-reference-slider\">\n\t\t\t<header class=\"references-header\">\n\t\t\t<h2>Cas d&rsquo;utilisateurs<\/h2>\n\t\t<\/header>\n\t\t<div class=\"references-entry-content\">\n\t\t<div class=\"references-carousel\" rel=\"references-carousel\">\n\t\t\t<div class=\"slider-for\">\n\t\t\t\t<div class=\"reference-slide\"><div class=\"reference-slide-visual\"><picture><!--[if IE 9]><video style=\"display: none;\"><![endif]--><source srcset=\"https:\/\/www.woodtec.ch\/wp-content\/uploads\/2020\/08\/Zimmerei-Wolf-Main-1500x800.jpg, https:\/\/www.woodtec.ch\/wp-content\/uploads\/2020\/08\/Zimmerei-Wolf-Main-1520x778@2x.jpg 2x\" media=\"(min-width: 3840px)\"><source srcset=\"https:\/\/www.woodtec.ch\/wp-content\/uploads\/2020\/08\/Zimmerei-Wolf-Main-1520x778.jpg, https:\/\/www.woodtec.ch\/wp-content\/uploads\/2020\/08\/Zimmerei-Wolf-Main-1520x778@2x.jpg 2x\" media=\"(min-width: 1200px)\"><source srcset=\"https:\/\/www.woodtec.ch\/wp-content\/uploads\/2020\/08\/Zimmerei-Wolf-Main-1200x800.jpg, https:\/\/www.woodtec.ch\/wp-content\/uploads\/2020\/08\/Zimmerei-Wolf-Main-1200x800@2x.jpg 2x\" media=\"(min-width: 1024px)\"><source srcset=\"https:\/\/www.woodtec.ch\/wp-content\/uploads\/2020\/08\/Zimmerei-Wolf-Main-1024x683.jpg, https:\/\/www.woodtec.ch\/wp-content\/uploads\/2020\/08\/Zimmerei-Wolf-Main-1024x683@2x.jpg 2x\" media=\"(min-width: 768px)\"><!--[if IE 9]><\/video><![endif]--><img srcset=\"https:\/\/www.woodtec.ch\/wp-content\/uploads\/2020\/08\/Zimmerei-Wolf-Main-660x390.jpg, https:\/\/www.woodtec.ch\/wp-content\/uploads\/2020\/08\/Zimmerei-Wolf-Main-660x390@2x.jpg 2x\" alt=\"Zimmerei Wolf GmbH &#038; Co. KG\"><\/picture><\/div><div class=\"reference-slide-details\"><div class=\"reference-slide-details-text\"><h3>Zimmerei Wolf GmbH &#038; Co. KG<\/h3><p>Ce constructeur bois fabrique du woodtec CLT certifi\u00e9 sur la presse \u00e0 vide. Cela leur permet d&rsquo;\u00e9conomiser des co\u00fbts importants est ils ne sont pas li\u00e9 \u00e0 des longues d\u00e9lais de fournisseurs.<\/p><a class=\"more-button\" href=\"https:\/\/www.woodtec.ch\/fr\/project\/zimmerei-wolf-gmbh-co-kg\/\" title=\"plus d'information\">plus d&rsquo;information<\/a><\/div><\/div><\/div><div class=\"reference-slide\"><div class=\"reference-slide-visual\"><picture><!--[if IE 9]><video style=\"display: none;\"><![endif]--><source srcset=\"https:\/\/www.woodtec.ch\/wp-content\/uploads\/2020\/08\/FHS-Holzbau-Main-1500x800.jpg, https:\/\/www.woodtec.ch\/wp-content\/uploads\/2020\/08\/FHS-Holzbau-Main-1520x778@2x.jpg 2x\" media=\"(min-width: 3840px)\"><source srcset=\"https:\/\/www.woodtec.ch\/wp-content\/uploads\/2020\/08\/FHS-Holzbau-Main-1520x778.jpg, https:\/\/www.woodtec.ch\/wp-content\/uploads\/2020\/08\/FHS-Holzbau-Main-1520x778@2x.jpg 2x\" media=\"(min-width: 1200px)\"><source srcset=\"https:\/\/www.woodtec.ch\/wp-content\/uploads\/2020\/08\/FHS-Holzbau-Main-1200x800.jpg, https:\/\/www.woodtec.ch\/wp-content\/uploads\/2020\/08\/FHS-Holzbau-Main-1200x800@2x.jpg 2x\" media=\"(min-width: 1024px)\"><source srcset=\"https:\/\/www.woodtec.ch\/wp-content\/uploads\/2020\/08\/FHS-Holzbau-Main-1024x683.jpg, https:\/\/www.woodtec.ch\/wp-content\/uploads\/2020\/08\/FHS-Holzbau-Main-1024x683@2x.jpg 2x\" media=\"(min-width: 768px)\"><!--[if IE 9]><\/video><![endif]--><img srcset=\"https:\/\/www.woodtec.ch\/wp-content\/uploads\/2020\/08\/FHS-Holzbau-Main-660x390.jpg, https:\/\/www.woodtec.ch\/wp-content\/uploads\/2020\/08\/FHS-Holzbau-Main-660x390@2x.jpg 2x\" alt=\"FHS Holzbau\"><\/picture><\/div><div class=\"reference-slide-details\"><div class=\"reference-slide-details-text\"><h3>FHS Holzbau<\/h3><p>Deux presses \u00e0 vide permettent une flexibilit\u00e9 maximale dans les dimensions du panneau. Surfaces en plus de 30 essences de bois. Avec une m\u00e9canisation intelligente pour un rendement \u00e9lev\u00e9.<\/p><a class=\"more-button\" href=\"https:\/\/www.woodtec.ch\/fr\/project\/fhs-holzbau\/\" title=\"plus d'information\">plus d&rsquo;information<\/a><\/div><\/div><\/div><div class=\"reference-slide\"><div class=\"reference-slide-visual\"><picture><!--[if IE 9]><video style=\"display: none;\"><![endif]--><source srcset=\"https:\/\/www.woodtec.ch\/wp-content\/uploads\/2020\/08\/Rubner-Holzbau-Main-1500x800.jpg, https:\/\/www.woodtec.ch\/wp-content\/uploads\/2020\/08\/Rubner-Holzbau-Main-1520x778@2x.jpg 2x\" media=\"(min-width: 3840px)\"><source srcset=\"https:\/\/www.woodtec.ch\/wp-content\/uploads\/2020\/08\/Rubner-Holzbau-Main-1520x778.jpg, https:\/\/www.woodtec.ch\/wp-content\/uploads\/2020\/08\/Rubner-Holzbau-Main-1520x778@2x.jpg 2x\" media=\"(min-width: 1200px)\"><source srcset=\"https:\/\/www.woodtec.ch\/wp-content\/uploads\/2020\/08\/Rubner-Holzbau-Main-1200x800.jpg, https:\/\/www.woodtec.ch\/wp-content\/uploads\/2020\/08\/Rubner-Holzbau-Main-1200x800@2x.jpg 2x\" media=\"(min-width: 1024px)\"><source srcset=\"https:\/\/www.woodtec.ch\/wp-content\/uploads\/2020\/08\/Rubner-Holzbau-Main-1024x683.jpg, https:\/\/www.woodtec.ch\/wp-content\/uploads\/2020\/08\/Rubner-Holzbau-Main-1024x683@2x.jpg 2x\" media=\"(min-width: 768px)\"><!--[if IE 9]><\/video><![endif]--><img srcset=\"https:\/\/www.woodtec.ch\/wp-content\/uploads\/2020\/08\/Rubner-Holzbau-Main-660x390.jpg, https:\/\/www.woodtec.ch\/wp-content\/uploads\/2020\/08\/Rubner-Holzbau-Main-660x390@2x.jpg 2x\" alt=\"Rubner Holzbau Spa\"><\/picture><\/div><div class=\"reference-slide-details\"><div class=\"reference-slide-details-text\"><h3>Rubner Holzbau Spa<\/h3><p>Avec deux presses \u00e0 vide enti\u00e8rement m\u00e9canis\u00e9es, cette usine couvre l&rsquo;ensemble des besoins en bois lamell\u00e9-crois\u00e9 du groupe Rubner.<\/p><a class=\"more-button\" href=\"https:\/\/www.woodtec.ch\/fr\/project\/rubnerholzbau-spa\/\" title=\"plus d'information\">plus d&rsquo;information<\/a><\/div><\/div><\/div><div class=\"reference-slide\"><div class=\"reference-slide-visual\"><picture><!--[if IE 9]><video style=\"display: none;\"><![endif]--><source srcset=\"https:\/\/www.woodtec.ch\/wp-content\/uploads\/2020\/08\/Gauye-Dayer-Main-1500x800.jpg, https:\/\/www.woodtec.ch\/wp-content\/uploads\/2020\/08\/Gauye-Dayer-Main-1520x778@2x.jpg 2x\" media=\"(min-width: 3840px)\"><source srcset=\"https:\/\/www.woodtec.ch\/wp-content\/uploads\/2020\/08\/Gauye-Dayer-Main-1520x778.jpg, https:\/\/www.woodtec.ch\/wp-content\/uploads\/2020\/08\/Gauye-Dayer-Main-1520x778@2x.jpg 2x\" media=\"(min-width: 1200px)\"><source srcset=\"https:\/\/www.woodtec.ch\/wp-content\/uploads\/2020\/08\/Gauye-Dayer-Main-1200x800.jpg, https:\/\/www.woodtec.ch\/wp-content\/uploads\/2020\/08\/Gauye-Dayer-Main-1200x800@2x.jpg 2x\" media=\"(min-width: 1024px)\"><source srcset=\"https:\/\/www.woodtec.ch\/wp-content\/uploads\/2020\/08\/Gauye-Dayer-Main-1024x683.jpg, https:\/\/www.woodtec.ch\/wp-content\/uploads\/2020\/08\/Gauye-Dayer-Main-1024x683@2x.jpg 2x\" media=\"(min-width: 768px)\"><!--[if IE 9]><\/video><![endif]--><img srcset=\"https:\/\/www.woodtec.ch\/wp-content\/uploads\/2020\/08\/Gauye-Dayer-Main-660x390.jpg, https:\/\/www.woodtec.ch\/wp-content\/uploads\/2020\/08\/Gauye-Dayer-Main-660x390@2x.jpg 2x\" alt=\"Gauye &amp; Dayer SA\"><\/picture><\/div><div class=\"reference-slide-details\"><div class=\"reference-slide-details-text\"><h3>Gauye &amp; Dayer SA<\/h3><p>Table de montage, defonceuse \u00e0 panneaux, syst\u00e8me de presse et presse \u00e0 vide: L&rsquo;\u00e9quipment complet de woodtec pour l&rsquo;ossature bois, les caissons et le CLT.<\/p><a class=\"more-button\" href=\"https:\/\/www.woodtec.ch\/fr\/project\/gauyedayer-sa\/\" title=\"plus d'information\">plus d&rsquo;information<\/a><\/div><\/div><\/div>\t\t\t<\/div>\n\t\t\t<div class=\"slider-nav no-transform\">\n\t\t\t\t<div class=\"reference-button\"><img loading=\"lazy\" decoding=\"async\" src=\"https:\/\/www.woodtec.ch\/wp-content\/uploads\/2020\/03\/Zimmerei-Wolf-Logo-400x400.jpg\" alt=\"Zimmerei Wolf GmbH &#038; Co. KG\" width=\"400\" height=\"400\" \/><\/div><div class=\"reference-button\"><img loading=\"lazy\" decoding=\"async\" src=\"https:\/\/www.woodtec.ch\/wp-content\/uploads\/2020\/03\/FHS-Holzbau-Logo-400x400.jpg\" alt=\"FHS Holzbau\" width=\"400\" height=\"400\" \/><\/div><div class=\"reference-button\"><img loading=\"lazy\" decoding=\"async\" src=\"https:\/\/www.woodtec.ch\/wp-content\/uploads\/2020\/03\/Rubner-Holzbau-Logo-400x400.jpg\" alt=\"Rubner Holzbau Spa\" width=\"400\" height=\"400\" \/><\/div><div class=\"reference-button\"><img loading=\"lazy\" decoding=\"async\" src=\"https:\/\/www.woodtec.ch\/wp-content\/uploads\/2020\/11\/Gauye-Dayer-Logo-1-400x400.jpg\" alt=\"Gauye &amp; Dayer SA\" width=\"400\" height=\"400\" \/><\/div>\t\t\t<\/div>\n\t\t<\/div>\n\t<\/div>\n<\/section>\n\n\n\n<div class=\"wp-block-getwid-advanced-spacer\" style=\"height:100px\" aria-hidden=\"true\"><\/div>\n\n\n<section class=\"latest-news-theme wp-block-woodtec-blocks-latest-articles-by-category\">\n\t\t\t<header class=\"section-header\">\n\t\t\t<h3>Derni\u00e8res nouveaut\u00e9s<\/h3>\n\t\t\t<a href=\"https:\/\/www.woodtec.ch\/fr\/news\/\" title=\"Afficher tout\">Afficher tout<\/a>\t\t<\/header>\n\t\t<div class=\"section-entry-content\">\n\t\t<div class=\"latest-news-carousel has-3-articles\" rel=\"news-carousel\"\n\t\t\t data-slick='{\"slidesToShow\": 3}'>\n\t\t\t<article class=\"post-5612 post type-post status-publish format-standard has-post-thumbnail category-wende-und-transportmodul-fr category-portiquedemanutentionpro category-manutention category-tabledemontage category-ossaturebois tag-1-fr entry\" itemscope=\"\" itemtype=\"https:\/\/schema.org\/CreativeWork\"><div title=\"Pr\u00e9fabrication: Point sur la manutention\"><div class=\"entry-visual\"><a href=\"https:\/\/www.woodtec.ch\/fr\/point-sur-la-manutention\/\"><img loading=\"lazy\" decoding=\"async\" src=\"https:\/\/www.woodtec.ch\/wp-content\/uploads\/2021\/10\/Stuberholz-Vorfertigung-Holzrahmenbau-600x600.jpg\" alt=\"Pr\u00e9fabrication: Point sur la manutention\" width=\"600\" height=\"600\"\/><\/a><\/div><div class=\"entry-details\"><p class=\"entry-meta\"><time class=\"entry-time\" itemprop=\"datePublished\" datetime=\"2021-10-07T16:10:47+02:00\">7. octobre 2021<\/time><\/p><h4 class=\"entry-title\" itemprop=\"headline\">Pr\u00e9fabrication: Point sur la manutention<\/h4><p>Au lieu d&rsquo;une automatisation compl\u00e8te, le nouvel \u00e9quipement de l&rsquo;usine de Stu&#8230;<\/p><\/div><\/div><\/article><article class=\"post-5587 post type-post status-publish format-standard has-post-thumbnail category-lamelle-croise-clt category-presseavide category-portiquedinsertion category-portiquedapplication tag-10-fr entry\" itemscope=\"\" itemtype=\"https:\/\/schema.org\/CreativeWork\"><div title=\"Faire votre propre CLT &#8211; \u00e7a en vaut la peine?\"><div class=\"entry-visual\"><a href=\"https:\/\/www.woodtec.ch\/fr\/faire-son-propre-clt\/\"><img loading=\"lazy\" decoding=\"async\" src=\"https:\/\/www.woodtec.ch\/wp-content\/uploads\/2021\/10\/Brettsperrholz-BSP-selber-herstellen-600x480.jpg\" alt=\"Faire votre propre CLT &#8211; \u00e7a en vaut la peine?\" width=\"600\" height=\"480\"\/><\/a><\/div><div class=\"entry-details\"><p class=\"entry-meta\"><time class=\"entry-time\" itemprop=\"datePublished\" datetime=\"2021-10-07T10:01:07+02:00\">7. octobre 2021<\/time><\/p><h4 class=\"entry-title\" itemprop=\"headline\">Faire votre propre CLT &#8211; \u00e7a en vaut la peine?<\/h4><p>Le journal de r\u00e9nomm\u00e9e mikado en interview avec Benjamin Fankhauser<\/p><\/div><\/div><\/article><article class=\"post-5620 post type-post status-publish format-standard has-post-thumbnail category-toitetdalles category-tabledemontage category-ossaturebois tag-1-fr entry\" itemscope=\"\" itemtype=\"https:\/\/schema.org\/CreativeWork\"><div title=\"Pr\u00e9fabriquer, une valeur ajout\u00e9e\"><div class=\"entry-visual\"><a href=\"https:\/\/www.woodtec.ch\/fr\/prefabriquer-valeur-ajoutee\/\"><img loading=\"lazy\" decoding=\"async\" src=\"https:\/\/www.woodtec.ch\/wp-content\/uploads\/2020\/12\/Lengauer-Stockner-11-2-600x600.jpg\" alt=\"Pr\u00e9fabriquer, une valeur ajout\u00e9e\" width=\"600\" height=\"600\"\/><\/a><\/div><div class=\"entry-details\"><p class=\"entry-meta\"><time class=\"entry-time\" itemprop=\"datePublished\" datetime=\"2021-02-18T15:58:41+01:00\">18. f\u00e9vrier 2021<\/time><\/p><h4 class=\"entry-title\" itemprop=\"headline\">Pr\u00e9fabriquer, une valeur ajout\u00e9e<\/h4><p>Avec le bon equipement la pr\u00e9fabrication ossature bois a des avantages financ&#8230;<\/p><\/div><\/div><\/article>\t\t<\/div>\n\t<\/div>\n<\/section>\n","protected":false},"excerpt":{"rendered":"","protected":false},"author":3,"featured_media":0,"parent":0,"menu_order":0,"comment_status":"closed","ping_status":"closed","template":"","meta":{"inline_featured_image":false,"_genesis_hide_title":false,"_genesis_hide_breadcrumbs":false,"_genesis_hide_singular_image":false,"_genesis_custom_body_class":"","_genesis_custom_post_class":"","_genesis_layout":"","footnotes":""},"class_list":{"0":"post-4420","1":"page","2":"type-page","3":"status-publish","5":"entry","6":"has-post-thumbnail"},"yoast_head":"<!-- This site is optimized with the Yoast SEO plugin v25.9 - https:\/\/yoast.com\/wordpress\/plugins\/seo\/ -->\n<title>CLT | XLam - woodtec Fankhauser GmbH<\/title>\n<meta name=\"robots\" content=\"index, follow, max-snippet:-1, max-image-preview:large, max-video-preview:-1\" \/>\n<link rel=\"canonical\" href=\"https:\/\/www.woodtec.ch\/brettsperrholz\/\" \/>\n<meta property=\"og:locale\" content=\"fr_FR\" \/>\n<meta property=\"og:type\" content=\"article\" \/>\n<meta property=\"og:title\" content=\"CLT | XLam - woodtec Fankhauser GmbH\" \/>\n<meta property=\"og:url\" content=\"https:\/\/www.woodtec.ch\/brettsperrholz\/\" \/>\n<meta property=\"og:site_name\" content=\"woodtec Fankhauser GmbH\" \/>\n<meta property=\"article:modified_time\" content=\"2024-11-01T12:16:52+00:00\" \/>\n<meta property=\"og:image\" content=\"https:\/\/www.woodtec.ch\/wp-content\/uploads\/2022\/04\/Brettsperrholz-CLT-Produktion-Vakuumpressen-Anlage.jpg\" \/>\n<meta name=\"twitter:card\" content=\"summary_large_image\" \/>\n<meta name=\"twitter:label1\" content=\"Dur\u00e9e de lecture estim\u00e9e\" \/>\n\t<meta name=\"twitter:data1\" content=\"1 minute\" \/>\n<script type=\"application\/ld+json\" class=\"yoast-schema-graph\">{\"@context\":\"https:\/\/schema.org\",\"@graph\":[{\"@type\":\"WebPage\",\"@id\":\"https:\/\/www.woodtec.ch\/brettsperrholz\/\",\"url\":\"https:\/\/www.woodtec.ch\/brettsperrholz\/\",\"name\":\"CLT | XLam - woodtec Fankhauser GmbH\",\"isPartOf\":{\"@id\":\"https:\/\/www.woodtec.ch\/en\/#website\"},\"primaryImageOfPage\":{\"@id\":\"https:\/\/www.woodtec.ch\/brettsperrholz\/#primaryimage\"},\"image\":{\"@id\":\"https:\/\/www.woodtec.ch\/brettsperrholz\/#primaryimage\"},\"thumbnailUrl\":\"https:\/\/www.woodtec.ch\/wp-content\/uploads\/2022\/04\/Brettsperrholz-CLT-Produktion-Vakuumpressen-Anlage.jpg\",\"datePublished\":\"2020-05-29T14:37:25+00:00\",\"dateModified\":\"2024-11-01T12:16:52+00:00\",\"breadcrumb\":{\"@id\":\"https:\/\/www.woodtec.ch\/brettsperrholz\/#breadcrumb\"},\"inLanguage\":\"fr-FR\",\"potentialAction\":[{\"@type\":\"ReadAction\",\"target\":[\"https:\/\/www.woodtec.ch\/brettsperrholz\/\"]}]},{\"@type\":\"ImageObject\",\"inLanguage\":\"fr-FR\",\"@id\":\"https:\/\/www.woodtec.ch\/brettsperrholz\/#primaryimage\",\"url\":\"https:\/\/www.woodtec.ch\/wp-content\/uploads\/2022\/04\/Brettsperrholz-CLT-Produktion-Vakuumpressen-Anlage.jpg\",\"contentUrl\":\"https:\/\/www.woodtec.ch\/wp-content\/uploads\/2022\/04\/Brettsperrholz-CLT-Produktion-Vakuumpressen-Anlage.jpg\"},{\"@type\":\"BreadcrumbList\",\"@id\":\"https:\/\/www.woodtec.ch\/brettsperrholz\/#breadcrumb\",\"itemListElement\":[{\"@type\":\"ListItem\",\"position\":1,\"name\":\"Home\",\"item\":\"https:\/\/www.woodtec.ch\/fr\/\"},{\"@type\":\"ListItem\",\"position\":2,\"name\":\"CLT | XLam\"}]},{\"@type\":\"WebSite\",\"@id\":\"https:\/\/www.woodtec.ch\/en\/#website\",\"url\":\"https:\/\/www.woodtec.ch\/en\/\",\"name\":\"woodtec Fankhauser GmbH\",\"description\":\"Maschinentechnik f\u00fcr den Holzbau\",\"publisher\":{\"@id\":\"https:\/\/www.woodtec.ch\/en\/#organization\"},\"potentialAction\":[{\"@type\":\"SearchAction\",\"target\":{\"@type\":\"EntryPoint\",\"urlTemplate\":\"https:\/\/www.woodtec.ch\/en\/?s={search_term_string}\"},\"query-input\":{\"@type\":\"PropertyValueSpecification\",\"valueRequired\":true,\"valueName\":\"search_term_string\"}}],\"inLanguage\":\"fr-FR\"},{\"@type\":\"Organization\",\"@id\":\"https:\/\/www.woodtec.ch\/en\/#organization\",\"name\":\"woodtec Fankhauser GmbH\",\"url\":\"https:\/\/www.woodtec.ch\/en\/\",\"logo\":{\"@type\":\"ImageObject\",\"inLanguage\":\"fr-FR\",\"@id\":\"https:\/\/www.woodtec.ch\/en\/#\/schema\/logo\/image\/\",\"url\":\"https:\/\/www.woodtec.ch\/wp-content\/uploads\/2020\/07\/logo-woodtec.svg\",\"contentUrl\":\"https:\/\/www.woodtec.ch\/wp-content\/uploads\/2020\/07\/logo-woodtec.svg\",\"caption\":\"woodtec Fankhauser GmbH\"},\"image\":{\"@id\":\"https:\/\/www.woodtec.ch\/en\/#\/schema\/logo\/image\/\"}}]}<\/script>\n<!-- \/ Yoast SEO plugin. -->","yoast_head_json":{"title":"CLT | XLam - woodtec Fankhauser GmbH","robots":{"index":"index","follow":"follow","max-snippet":"max-snippet:-1","max-image-preview":"max-image-preview:large","max-video-preview":"max-video-preview:-1"},"canonical":"https:\/\/www.woodtec.ch\/brettsperrholz\/","og_locale":"fr_FR","og_type":"article","og_title":"CLT | XLam - woodtec Fankhauser GmbH","og_url":"https:\/\/www.woodtec.ch\/brettsperrholz\/","og_site_name":"woodtec Fankhauser GmbH","article_modified_time":"2024-11-01T12:16:52+00:00","og_image":[{"url":"https:\/\/www.woodtec.ch\/wp-content\/uploads\/2022\/04\/Brettsperrholz-CLT-Produktion-Vakuumpressen-Anlage.jpg","type":"","width":"","height":""}],"twitter_card":"summary_large_image","twitter_misc":{"Dur\u00e9e de lecture estim\u00e9e":"1 minute"},"schema":{"@context":"https:\/\/schema.org","@graph":[{"@type":"WebPage","@id":"https:\/\/www.woodtec.ch\/brettsperrholz\/","url":"https:\/\/www.woodtec.ch\/brettsperrholz\/","name":"CLT | XLam - woodtec Fankhauser GmbH","isPartOf":{"@id":"https:\/\/www.woodtec.ch\/en\/#website"},"primaryImageOfPage":{"@id":"https:\/\/www.woodtec.ch\/brettsperrholz\/#primaryimage"},"image":{"@id":"https:\/\/www.woodtec.ch\/brettsperrholz\/#primaryimage"},"thumbnailUrl":"https:\/\/www.woodtec.ch\/wp-content\/uploads\/2022\/04\/Brettsperrholz-CLT-Produktion-Vakuumpressen-Anlage.jpg","datePublished":"2020-05-29T14:37:25+00:00","dateModified":"2024-11-01T12:16:52+00:00","breadcrumb":{"@id":"https:\/\/www.woodtec.ch\/brettsperrholz\/#breadcrumb"},"inLanguage":"fr-FR","potentialAction":[{"@type":"ReadAction","target":["https:\/\/www.woodtec.ch\/brettsperrholz\/"]}]},{"@type":"ImageObject","inLanguage":"fr-FR","@id":"https:\/\/www.woodtec.ch\/brettsperrholz\/#primaryimage","url":"https:\/\/www.woodtec.ch\/wp-content\/uploads\/2022\/04\/Brettsperrholz-CLT-Produktion-Vakuumpressen-Anlage.jpg","contentUrl":"https:\/\/www.woodtec.ch\/wp-content\/uploads\/2022\/04\/Brettsperrholz-CLT-Produktion-Vakuumpressen-Anlage.jpg"},{"@type":"BreadcrumbList","@id":"https:\/\/www.woodtec.ch\/brettsperrholz\/#breadcrumb","itemListElement":[{"@type":"ListItem","position":1,"name":"Home","item":"https:\/\/www.woodtec.ch\/fr\/"},{"@type":"ListItem","position":2,"name":"CLT | XLam"}]},{"@type":"WebSite","@id":"https:\/\/www.woodtec.ch\/en\/#website","url":"https:\/\/www.woodtec.ch\/en\/","name":"woodtec Fankhauser GmbH","description":"Maschinentechnik f\u00fcr den Holzbau","publisher":{"@id":"https:\/\/www.woodtec.ch\/en\/#organization"},"potentialAction":[{"@type":"SearchAction","target":{"@type":"EntryPoint","urlTemplate":"https:\/\/www.woodtec.ch\/en\/?s={search_term_string}"},"query-input":{"@type":"PropertyValueSpecification","valueRequired":true,"valueName":"search_term_string"}}],"inLanguage":"fr-FR"},{"@type":"Organization","@id":"https:\/\/www.woodtec.ch\/en\/#organization","name":"woodtec Fankhauser GmbH","url":"https:\/\/www.woodtec.ch\/en\/","logo":{"@type":"ImageObject","inLanguage":"fr-FR","@id":"https:\/\/www.woodtec.ch\/en\/#\/schema\/logo\/image\/","url":"https:\/\/www.woodtec.ch\/wp-content\/uploads\/2020\/07\/logo-woodtec.svg","contentUrl":"https:\/\/www.woodtec.ch\/wp-content\/uploads\/2020\/07\/logo-woodtec.svg","caption":"woodtec Fankhauser GmbH"},"image":{"@id":"https:\/\/www.woodtec.ch\/en\/#\/schema\/logo\/image\/"}}]}},"_links":{"self":[{"href":"https:\/\/www.woodtec.ch\/fr\/wp-json\/wp\/v2\/pages\/4420","targetHints":{"allow":["GET"]}}],"collection":[{"href":"https:\/\/www.woodtec.ch\/fr\/wp-json\/wp\/v2\/pages"}],"about":[{"href":"https:\/\/www.woodtec.ch\/fr\/wp-json\/wp\/v2\/types\/page"}],"author":[{"embeddable":true,"href":"https:\/\/www.woodtec.ch\/fr\/wp-json\/wp\/v2\/users\/3"}],"replies":[{"embeddable":true,"href":"https:\/\/www.woodtec.ch\/fr\/wp-json\/wp\/v2\/comments?post=4420"}],"version-history":[{"count":0,"href":"https:\/\/www.woodtec.ch\/fr\/wp-json\/wp\/v2\/pages\/4420\/revisions"}],"wp:attachment":[{"href":"https:\/\/www.woodtec.ch\/fr\/wp-json\/wp\/v2\/media?parent=4420"}],"curies":[{"name":"wp","href":"https:\/\/api.w.org\/{rel}","templated":true}]}}